{"id":836,"date":"2019-01-12T01:46:15","date_gmt":"2019-01-12T00:46:15","guid":{"rendered":"https:\/\/tamas-radelei.de\/?page_id=836"},"modified":"2019-03-16T19:25:30","modified_gmt":"2019-03-16T18:25:30","slug":"lastenraeder-sind-definitiv-eine-ueberlegung-wert","status":"publish","type":"page","link":"https:\/\/www.niva-stammtisch.de\/?page_id=836","title":{"rendered":"Lastenr\u00e4der sind definitiv eine \u00dcberlegung wert"},"content":{"rendered":"\n<p>Auch ich bin schon auf das Thema &#8222;Lastenr\u00e4der&#8220; gesto\u00dfen, zum Gl\u00fcck auch im praktischen Sinne (wenn auch nur beim Zugucken bzw. Hinterherfahren \ud83d\ude09 ) und m\u00f6chte euch mal meine Gedanken dazu geben&#8230;<br><br>Da ich zwar ein gro\u00dfer Autofan bin, seit 2011 aber kein eigenes Auto habe und mich haupts\u00e4chlich in den St\u00e4dten Chemnitz und Dresden aufhalte und bewege, ist es mir Dank Fahrrad und Semesterticket m\u00f6glich, g\u00fcnstig zwischen beiden St\u00e4dten zu &#8222;pendeln&#8220; bzw. im Sommer auch mal komplett oder im Halbe\/Halbe-Verh\u00e4ltnis Zug und Rad zu nutzen. Innerhalb der St\u00e4dte ist sowieso alles in der Regel per Rad erreichbar und somit er\u00fcbrigt sich die Notwendigkeit eines eigenen PKWs. Ich m\u00f6chte dies nicht pauschalisieren, aber meine Erkenntnisse bzw. \u00dcberlegungen diesbez\u00fcglich (vorwiegend an die St\u00e4dter gerichtet) weiter geben. Dass dies im l\u00e4ndlichen Raum mitunter nicht so umzusetzen ist aufgrund der Infrastruktur oder Geografie, ist mir nat\u00fcrlich auch klar und bedarf auch keiner ausufernden Diskussion \ud83d\ude09<\/p>\n\n\n\n<p>Ich m\u00f6chte hiermit auf meine pers\u00f6nlichen Lastenradfavoriten n\u00e4her eingehen (siehe Men\u00fc unter Lastenr\u00e4der)<\/p>\n","protected":false},"excerpt":{"rendered":"<p>Auch ich bin schon auf das Thema &#8222;Lastenr\u00e4der&#8220; gesto\u00dfen, zum Gl\u00fcck auch im praktischen Sinne (wenn auch nur beim Zugucken bzw. Hinterherfahren \ud83d\ude09 ) und m\u00f6chte euch mal meine Gedanken dazu geben&#8230; Da ich zwar ein gro\u00dfer Autofan bin, seit 2011 aber kein eigenes Auto habe und mich haupts\u00e4chlich in den St\u00e4dten Chemnitz und Dresden &hellip; <\/p>\n<p class=\"link-more\"><a href=\"https:\/\/www.niva-stammtisch.de\/?page_id=836\" class=\"more-link\"><span class=\"screen-reader-text\">\u201eLastenr\u00e4der sind definitiv eine \u00dcberlegung wert\u201c <\/span>weiterlesen<\/a><\/p>\n","protected":false},"author":1,"featured_media":0,"parent":4585,"menu_order":10,"comment_status":"closed","ping_status":"closed","template":"","meta":{"footnotes":""},"class_list":["post-836","page","type-page","status-publish","hentry"],"_links":{"self":[{"href":"https:\/\/www.niva-stammtisch.de\/index.php?rest_route=\/wp\/v2\/pages\/836","targetHints":{"allow":["GET"]}}],"collection":[{"href":"https:\/\/www.niva-stammtisch.de\/index.php?rest_route=\/wp\/v2\/pages"}],"about":[{"href":"https:\/\/www.niva-stammtisch.de\/index.php?rest_route=\/wp\/v2\/types\/page"}],"author":[{"embeddable":true,"href":"https:\/\/www.niva-stammtisch.de\/index.php?rest_route=\/wp\/v2\/users\/1"}],"replies":[{"embeddable":true,"href":"https:\/\/www.niva-stammtisch.de\/index.php?rest_route=%2Fwp%2Fv2%2Fcomments&post=836"}],"version-history":[{"count":25,"href":"https:\/\/www.niva-stammtisch.de\/index.php?rest_route=\/wp\/v2\/pages\/836\/revisions"}],"predecessor-version":[{"id":3619,"href":"https:\/\/www.niva-stammtisch.de\/index.php?rest_route=\/wp\/v2\/pages\/836\/revisions\/3619"}],"up":[{"embeddable":true,"href":"https:\/\/www.niva-stammtisch.de\/index.php?rest_route=\/wp\/v2\/pages\/4585"}],"wp:attachment":[{"href":"https:\/\/www.niva-stammtisch.de\/index.php?rest_route=%2Fwp%2Fv2%2Fmedia&parent=836"}],"curies":[{"name":"wp","href":"https:\/\/api.w.org\/{rel}","templated":true}]}}