{"id":567,"date":"2018-12-25T19:25:53","date_gmt":"2018-12-25T18:25:53","guid":{"rendered":"https:\/\/tamas-radelei.de\/?page_id=567"},"modified":"2019-03-16T01:36:09","modified_gmt":"2019-03-16T00:36:09","slug":"10-reisetag-budapest-tagestrip","status":"publish","type":"page","link":"https:\/\/www.niva-stammtisch.de\/?page_id=567","title":{"rendered":"11. Reisetag: Budapest Tagestrip"},"content":{"rendered":"\n<ul class=\"wp-block-gallery columns-3 is-cropped wp-block-gallery-1 is-layout-flex wp-block-gallery-is-layout-flex\"><li class=\"blocks-gallery-item\"><figure><img decoding=\"async\" src=\"https:\/\/tamas-radelei.de\/wp-content\/uploads\/2019\/02\/DSC_0655.jpg\" alt=\"\" data-id=\"1040\" data-link=\"https:\/\/tamas-radelei.de\/?attachment_id=1040\" class=\"wp-image-1040\"\/><\/figure><\/li><li class=\"blocks-gallery-item\"><figure><img decoding=\"async\" src=\"https:\/\/tamas-radelei.de\/wp-content\/uploads\/2019\/02\/DSC_0659.jpg\" alt=\"\" data-id=\"1041\" data-link=\"https:\/\/tamas-radelei.de\/?attachment_id=1041\" class=\"wp-image-1041\"\/><\/figure><\/li><li class=\"blocks-gallery-item\"><figure><img decoding=\"async\" src=\"https:\/\/tamas-radelei.de\/wp-content\/uploads\/2019\/02\/DSC_0661.jpg\" alt=\"\" data-id=\"1042\" data-link=\"https:\/\/tamas-radelei.de\/?attachment_id=1042\" class=\"wp-image-1042\"\/><\/figure><\/li><\/ul>\n\n\n\n<ul class=\"wp-block-gallery columns-2 is-cropped\"><li class=\"blocks-gallery-item\"><figure><a href=\"https:\/\/tamas-radelei.de\/wp-content\/uploads\/Passau-Ruzsa-2016_427-1200x795.jpg\" rel=\"lightbox[2]\"><img decoding=\"async\" src=\"https:\/\/tamas-radelei.de\/wp-content\/uploads\/Passau-Ruzsa-2016_427-1200x795.jpg\" alt=\"\" data-id=\"3380\" data-link=\"https:\/\/tamas-radelei.de\/?attachment_id=3380\" class=\"wp-image-3380\"><\/a><figcaption>Alles noch bissl zum Trocknen&#8230;<\/figcaption><\/figure><\/li><li class=\"blocks-gallery-item\"><figure><a href=\"https:\/\/tamas-radelei.de\/wp-content\/uploads\/Passau-Ruzsa-2016_428-1200x795.jpg\" rel=\"lightbox[2]\"><img decoding=\"async\" src=\"https:\/\/tamas-radelei.de\/wp-content\/uploads\/Passau-Ruzsa-2016_428-1200x795.jpg\" alt=\"\" data-id=\"3381\" data-link=\"https:\/\/tamas-radelei.de\/?attachment_id=3381\" class=\"wp-image-3381\"><\/a><figcaption>&#8230;aufgeh\u00e4ngt bzw. breit gelegt.<\/figcaption><\/figure><\/li><\/ul>\n\n\n\n<p>So kenne ich Ungarn von seiner typischen Seite: Sonnenschein pur und sch\u00f6n warm drau\u00dfen! Na da konnte die zur Abwechslung gew\u00e4hlte \u201eWanderung\u201c zum ungarischen LADAimporteur, mit dem ich einen Besuchstermin vereinbart hatte, doch gestartet werden. Mit kleinem Rucksack und den Kameras am Start \u2013 also mal leichtes Gep\u00e4ck \u2013 zogen wir los. Also diesmal den R\u00e1koczi Weg mal in die andere Richtung entlang, links rum und dann der Stra\u00dfe immer folgend ging es dann auf die Margit Br\u00fccke. Von dort hatte man Blick auf das Parlamentsgeb\u00e4ude, beide Uferseiten und auch auf die Fischerbastei. Aber f\u00fcr uns LADAisten gab es einen viel geileren \u201eBlickfang\u201c. Na blo\u00df gut, dass wir im richtigen Moment aufs richtige geschaut hatten. Und zwar konnten wir eine noch vorhandene alte Leuchtreklame \u201eAVTOEXPORT Moszkva\u201c entdecken. Es ist die gleiche Schrift wie auf den alten LADA Werkstattb\u00fcchern. Sowas musste nat\u00fcrlich in Bild festgehalten werden. Dass dann aber vor Freude Didis Objektivkappe leider in die Donau fiel, holte uns dann wieder auf normale Welt zur\u00fcck. Die Fotoindustrie hat sich schon was dabei gedacht, die Objektivdeckel nicht mehr mit einer Schnur gegen Wegfallen zu sichern. Aber es ging weiter, wir hatten schlie\u00dflich ein Ziel vor Augen. Trotz Navigations- App auf dem Handy kamen uns die angeblichen 8 km wie eine Ewigkeit vor. <\/p>\n\n\n\n<ul class=\"wp-block-gallery columns-2 is-cropped\"><li class=\"blocks-gallery-item\"><figure><a href=\"https:\/\/tamas-radelei.de\/wp-content\/uploads\/Passau-Ruzsa-2016_429-1200x795.jpg\" rel=\"lightbox[3]\"><img decoding=\"async\" src=\"https:\/\/tamas-radelei.de\/wp-content\/uploads\/Passau-Ruzsa-2016_429-1200x795.jpg\" alt=\"\" data-id=\"3382\" data-link=\"https:\/\/tamas-radelei.de\/?attachment_id=3382\" class=\"wp-image-3382\"><\/a><figcaption>Blick von der Margaretenbr\u00fccke&#8230;<\/figcaption><\/figure><\/li><li class=\"blocks-gallery-item\"><figure><a href=\"https:\/\/tamas-radelei.de\/wp-content\/uploads\/Passau-Ruzsa-2016_430-1200x795.jpg\" rel=\"lightbox[3]\"><img decoding=\"async\" src=\"https:\/\/tamas-radelei.de\/wp-content\/uploads\/Passau-Ruzsa-2016_430-1200x795.jpg\" alt=\"\" data-id=\"3383\" data-link=\"https:\/\/tamas-radelei.de\/?attachment_id=3383\" class=\"wp-image-3383\"><\/a><figcaption>&#8230;zum rechten Donauufer und&#8230;<\/figcaption><\/figure><\/li><li class=\"blocks-gallery-item\"><figure><a href=\"https:\/\/tamas-radelei.de\/wp-content\/uploads\/Passau-Ruzsa-2016_433-1200x795.jpg\" rel=\"lightbox[3]\"><img decoding=\"async\" src=\"https:\/\/tamas-radelei.de\/wp-content\/uploads\/Passau-Ruzsa-2016_433-1200x795.jpg\" alt=\"\" data-id=\"3385\" data-link=\"https:\/\/tamas-radelei.de\/?attachment_id=3385\" class=\"wp-image-3385\"><\/a><figcaption>&#8230;Ungarischem Parlamentsgeb\u00e4ude&#8230;<\/figcaption><\/figure><\/li><li class=\"blocks-gallery-item\"><figure><a href=\"https:\/\/tamas-radelei.de\/wp-content\/uploads\/Passau-Ruzsa-2016_438-1200x795.jpg\" rel=\"lightbox[3]\"><img decoding=\"async\" src=\"https:\/\/tamas-radelei.de\/wp-content\/uploads\/Passau-Ruzsa-2016_438-1200x795.jpg\" alt=\"\" data-id=\"3387\" data-link=\"https:\/\/tamas-radelei.de\/?attachment_id=3387\" class=\"wp-image-3387\"><\/a><figcaption>&#8230;und direkt ins Wasser \ud83d\ude42<\/figcaption><\/figure><\/li><li class=\"blocks-gallery-item\"><figure><a href=\"https:\/\/tamas-radelei.de\/wp-content\/uploads\/Passau-Ruzsa-2016_439-1200x795.jpg\" rel=\"lightbox[3]\"><img decoding=\"async\" src=\"https:\/\/tamas-radelei.de\/wp-content\/uploads\/Passau-Ruzsa-2016_439-1200x795.jpg\" alt=\"\" data-id=\"3388\" data-link=\"https:\/\/tamas-radelei.de\/?attachment_id=3388\" class=\"wp-image-3388\"><\/a><figcaption>Ikarus Bus &#8222;Cabrio&#8220; \ud83d\ude09<\/figcaption><\/figure><\/li><li class=\"blocks-gallery-item\"><figure><a href=\"https:\/\/tamas-radelei.de\/wp-content\/uploads\/Passau-Ruzsa-2016_443-1200x795.jpg\" rel=\"lightbox[3]\"><img decoding=\"async\" src=\"https:\/\/tamas-radelei.de\/wp-content\/uploads\/Passau-Ruzsa-2016_443-1200x795.jpg\" alt=\"\" data-id=\"3390\" data-link=\"https:\/\/tamas-radelei.de\/?attachment_id=3390\" class=\"wp-image-3390\"><\/a><\/figure><\/li><li class=\"blocks-gallery-item\"><figure><a href=\"https:\/\/tamas-radelei.de\/wp-content\/uploads\/Passau-Ruzsa-2016_445-1200x795.jpg\" rel=\"lightbox[3]\"><img decoding=\"async\" src=\"https:\/\/tamas-radelei.de\/wp-content\/uploads\/Passau-Ruzsa-2016_445-1200x795.jpg\" alt=\"\" data-id=\"3392\" data-link=\"https:\/\/tamas-radelei.de\/?attachment_id=3392\" class=\"wp-image-3392\"><\/a><figcaption>Ein ehemaliges&#8230;<\/figcaption><\/figure><\/li><li class=\"blocks-gallery-item\"><figure><a href=\"https:\/\/tamas-radelei.de\/wp-content\/uploads\/Passau-Ruzsa-2016_446-1200x795.jpg\" rel=\"lightbox[3]\"><img decoding=\"async\" src=\"https:\/\/tamas-radelei.de\/wp-content\/uploads\/Passau-Ruzsa-2016_446-1200x795.jpg\" alt=\"\" data-id=\"3393\" data-link=\"https:\/\/tamas-radelei.de\/?attachment_id=3393\" class=\"wp-image-3393\"><\/a><figcaption>&#8230;Amphitheater gibt es auch.<\/figcaption><\/figure><\/li><\/ul>\n\n\n\n<p>Doch irgendwann kamen wir ans Ziel \u2013 genau, die Basis des neuen ungarischen Importeurs f\u00fcr LADA- Fahrzeuge. Erster Eindruck: Scheint wirklichen ein Viel-Automarken-Haus zu sein. Aber keine LADAs, keine Werbung in Sicht. Wir ahnten schon schlimmes. Aber nein, wir mussten nur um die Ecke und schon lachten uns mehrere Kalinas, Grantas und Nivas an. Der Showroom wirkte auf mich etwas zu grob eingerichtet, aber das ist Geschmackssache. Nach etwas Rumfragen nach meinem \u201eKontaktmann\u201c fanden wir ihn auch und begleiteten ihn ins Innere der LADA-Abteilung. Es war zu erkennen, dass Sie in irgendwelchen Vorbereitungen steckten. Richtig, am kommenden Wochenende fand wieder das Internationale Ladatreffen im ungarischen Soltvadkert statt, an dem sie sich mittels n\u00e4chstgelegenem H\u00e4ndler ebenso pr\u00e4sentierten. Dazu jedoch sp\u00e4ter mehr. Wir unterhielten uns ganz angeregt, mussten leider aber die Zeit etwas im Auge behalten, denn wir wollten doch noch etwas von der der sch\u00f6nen Hauptstadt sehen. Wir bekamen die M\u00f6glichkeit, im LADA URBAN zur Fischerbastei gebracht zu werden, um dort unsere Sightseeing-Tour fortzusetzen. <\/p>\n\n\n\n<ul class=\"wp-block-gallery columns-3 is-cropped\"><li class=\"blocks-gallery-item\"><figure><a href=\"https:\/\/tamas-radelei.de\/wp-content\/uploads\/Passau-Ruzsa-2016_448-1200x795.jpg\" rel=\"lightbox[4]\"><img decoding=\"async\" src=\"https:\/\/tamas-radelei.de\/wp-content\/uploads\/Passau-Ruzsa-2016_448-1200x795.jpg\" alt=\"\" data-id=\"3395\" data-link=\"https:\/\/tamas-radelei.de\/?attachment_id=3395\" class=\"wp-image-3395\"><\/a><figcaption>Einen Abstecher&#8230;<\/figcaption><\/figure><\/li><li class=\"blocks-gallery-item\"><figure><a href=\"https:\/\/tamas-radelei.de\/wp-content\/uploads\/Passau-Ruzsa-2016_450-1200x795.jpg\" rel=\"lightbox[4]\"><img decoding=\"async\" src=\"https:\/\/tamas-radelei.de\/wp-content\/uploads\/Passau-Ruzsa-2016_450-1200x795.jpg\" alt=\"\" data-id=\"3396\" data-link=\"https:\/\/tamas-radelei.de\/?attachment_id=3396\" class=\"wp-image-3396\"><\/a><figcaption>&#8230;beim ungarischen&#8230;<\/figcaption><\/figure><\/li><li class=\"blocks-gallery-item\"><figure><a href=\"https:\/\/tamas-radelei.de\/wp-content\/uploads\/Passau-Ruzsa-2016_451-1200x795.jpg\" rel=\"lightbox[4]\"><img decoding=\"async\" src=\"https:\/\/tamas-radelei.de\/wp-content\/uploads\/Passau-Ruzsa-2016_451-1200x795.jpg\" alt=\"\" data-id=\"3397\" data-link=\"https:\/\/tamas-radelei.de\/?attachment_id=3397\" class=\"wp-image-3397\"><\/a><figcaption>&#8230;Lada-Importeur&#8230;<\/figcaption><\/figure><\/li><li class=\"blocks-gallery-item\"><figure><a href=\"https:\/\/tamas-radelei.de\/wp-content\/uploads\/Passau-Ruzsa-2016_452-1200x795.jpg\" rel=\"lightbox[4]\"><img decoding=\"async\" src=\"https:\/\/tamas-radelei.de\/wp-content\/uploads\/Passau-Ruzsa-2016_452-1200x795.jpg\" alt=\"\" data-id=\"3398\" data-link=\"https:\/\/tamas-radelei.de\/?attachment_id=3398\" class=\"wp-image-3398\"><\/a><figcaption>&#8230;mussten wir&#8230;<\/figcaption><\/figure><\/li><li class=\"blocks-gallery-item\"><figure><a href=\"https:\/\/tamas-radelei.de\/wp-content\/uploads\/Passau-Ruzsa-2016_453-1200x795.jpg\" rel=\"lightbox[4]\"><img decoding=\"async\" src=\"https:\/\/tamas-radelei.de\/wp-content\/uploads\/Passau-Ruzsa-2016_453-1200x795.jpg\" alt=\"\" data-id=\"3399\" data-link=\"https:\/\/tamas-radelei.de\/?attachment_id=3399\" class=\"wp-image-3399\"><\/a><figcaption>&#8230;nat\u00fcrlich auch&#8230;<\/figcaption><\/figure><\/li><li class=\"blocks-gallery-item\"><figure><a href=\"https:\/\/tamas-radelei.de\/wp-content\/uploads\/Passau-Ruzsa-2016_454-1200x795.jpg\" rel=\"lightbox[4]\"><img decoding=\"async\" src=\"https:\/\/tamas-radelei.de\/wp-content\/uploads\/Passau-Ruzsa-2016_454-1200x795.jpg\" alt=\"\" data-id=\"3400\" data-link=\"https:\/\/tamas-radelei.de\/?attachment_id=3400\" class=\"wp-image-3400\"><\/a><figcaption>&#8230;machen, wenn wir&#8230;<\/figcaption><\/figure><\/li><li class=\"blocks-gallery-item\"><figure><a href=\"https:\/\/tamas-radelei.de\/wp-content\/uploads\/Passau-Ruzsa-2016_455-1200x795.jpg\" rel=\"lightbox[4]\"><img decoding=\"async\" src=\"https:\/\/tamas-radelei.de\/wp-content\/uploads\/Passau-Ruzsa-2016_455-1200x795.jpg\" alt=\"\" data-id=\"3401\" data-link=\"https:\/\/tamas-radelei.de\/?attachment_id=3401\" class=\"wp-image-3401\"><\/a><figcaption>&#8230;schon mal in Budapest&#8230;<\/figcaption><\/figure><\/li><li class=\"blocks-gallery-item\"><figure><a href=\"https:\/\/tamas-radelei.de\/wp-content\/uploads\/Passau-Ruzsa-2016_456-1200x795.jpg\" rel=\"lightbox[4]\"><img decoding=\"async\" src=\"https:\/\/tamas-radelei.de\/wp-content\/uploads\/Passau-Ruzsa-2016_456-1200x795.jpg\" alt=\"\" data-id=\"3402\" data-link=\"https:\/\/tamas-radelei.de\/?attachment_id=3402\" class=\"wp-image-3402\"><\/a><figcaption>&#8230;sind \ud83d\ude42<\/figcaption><\/figure><\/li><\/ul>\n\n\n\n<p>Wir liefen die Fischerbastei gef\u00fchlt einmal rauf und wieder runter \u2013 die vielen Touristen wirkten auf mich\naufgrund der vorherigen Tage fast schon erdr\u00fcckend. Wir schlenderten dann noch weiter Richtung Hotel\nund liefen durch so manche Stra\u00dfen, die sch\u00f6n anzusehen waren. In zwei Imbissen st\u00e4rkten wir uns\nnat\u00fcrlich zur Abwechslung, um es zu Fu\u00df auch wieder ins Hotel zu schaffen \ud83d\ude42 Am sp\u00e4ten Abend ging es\npraktisch auf der hinteren Stra\u00dfenseite des Hotels nochmal um den Block. Auch hier gab es wieder viele\nLokale zu erblicken. Doch wir mussten auch wieder an den folgenden Tag denken. Didi musste leider\nschon die Heimreise antreten.\n<\/p>\n\n\n\n<ul class=\"wp-block-gallery columns-3 is-cropped\"><li class=\"blocks-gallery-item\"><figure><a href=\"https:\/\/tamas-radelei.de\/wp-content\/uploads\/Passau-Ruzsa-2016_457-1200x795.jpg\" rel=\"lightbox[5]\"><img decoding=\"async\" src=\"https:\/\/tamas-radelei.de\/wp-content\/uploads\/Passau-Ruzsa-2016_457-1200x795.jpg\" alt=\"\" data-id=\"3403\" data-link=\"https:\/\/tamas-radelei.de\/?attachment_id=3403\" class=\"wp-image-3403\"><\/a><figcaption>Danach gings es&#8230;<\/figcaption><\/figure><\/li><li class=\"blocks-gallery-item\"><figure><a href=\"https:\/\/tamas-radelei.de\/wp-content\/uploads\/Passau-Ruzsa-2016_460-1200x795.jpg\" rel=\"lightbox[5]\"><img decoding=\"async\" src=\"https:\/\/tamas-radelei.de\/wp-content\/uploads\/Passau-Ruzsa-2016_460-1200x795.jpg\" alt=\"\" data-id=\"3405\" data-link=\"https:\/\/tamas-radelei.de\/?attachment_id=3405\" class=\"wp-image-3405\"><\/a><figcaption>&#8230;rauf auf die&#8230;<\/figcaption><\/figure><\/li><li class=\"blocks-gallery-item\"><figure><a href=\"https:\/\/tamas-radelei.de\/wp-content\/uploads\/Passau-Ruzsa-2016_462-1200x795.jpg\" rel=\"lightbox[5]\"><img decoding=\"async\" src=\"https:\/\/tamas-radelei.de\/wp-content\/uploads\/Passau-Ruzsa-2016_462-1200x795.jpg\" alt=\"\" data-id=\"3406\" data-link=\"https:\/\/tamas-radelei.de\/?attachment_id=3406\" class=\"wp-image-3406\"><\/a><figcaption>&#8230;Fischerbastei.<\/figcaption><\/figure><\/li><li class=\"blocks-gallery-item\"><figure><a href=\"https:\/\/tamas-radelei.de\/wp-content\/uploads\/Passau-Ruzsa-2016_463-1200x795.jpg\" rel=\"lightbox[5]\"><img decoding=\"async\" src=\"https:\/\/tamas-radelei.de\/wp-content\/uploads\/Passau-Ruzsa-2016_463-1200x795.jpg\" alt=\"\" data-id=\"3407\" data-link=\"https:\/\/tamas-radelei.de\/?attachment_id=3407\" class=\"wp-image-3407\"><\/a><\/figure><\/li><li class=\"blocks-gallery-item\"><figure><a href=\"https:\/\/tamas-radelei.de\/wp-content\/uploads\/Passau-Ruzsa-2016_465-795x1200.jpg\" rel=\"lightbox[5]\"><img decoding=\"async\" src=\"https:\/\/tamas-radelei.de\/wp-content\/uploads\/Passau-Ruzsa-2016_465-795x1200.jpg\" alt=\"\" data-id=\"3409\" data-link=\"https:\/\/tamas-radelei.de\/?attachment_id=3409\" class=\"wp-image-3409\"><\/a><figcaption>Innozenz XI. (Papst)<\/figcaption><\/figure><\/li><li class=\"blocks-gallery-item\"><figure><a href=\"https:\/\/tamas-radelei.de\/wp-content\/uploads\/Passau-Ruzsa-2016_467-795x1200.jpg\" rel=\"lightbox[5]\"><img decoding=\"async\" src=\"https:\/\/tamas-radelei.de\/wp-content\/uploads\/Passau-Ruzsa-2016_467-795x1200.jpg\" alt=\"\" data-id=\"3410\" data-link=\"https:\/\/tamas-radelei.de\/?attachment_id=3410\" class=\"wp-image-3410\"><\/a><figcaption>Souvenierladen<\/figcaption><\/figure><\/li><li class=\"blocks-gallery-item\"><figure><a href=\"https:\/\/tamas-radelei.de\/wp-content\/uploads\/Passau-Ruzsa-2016_470-795x1200.jpg\" rel=\"lightbox[5]\"><img decoding=\"async\" src=\"https:\/\/tamas-radelei.de\/wp-content\/uploads\/Passau-Ruzsa-2016_470-795x1200.jpg\" alt=\"\" data-id=\"3412\" data-link=\"https:\/\/tamas-radelei.de\/?attachment_id=3412\" class=\"wp-image-3412\"><\/a><figcaption>Dreifaltigkeitss\u00e4ule (Szenth\u00e1roms\u00e1g-szobor)<\/figcaption><\/figure><\/li><li class=\"blocks-gallery-item\"><figure><a href=\"https:\/\/tamas-radelei.de\/wp-content\/uploads\/Passau-Ruzsa-2016_471-795x1200.jpg\" rel=\"lightbox[5]\"><img decoding=\"async\" src=\"https:\/\/tamas-radelei.de\/wp-content\/uploads\/Passau-Ruzsa-2016_471-795x1200.jpg\" alt=\"\" data-id=\"3413\" data-link=\"https:\/\/tamas-radelei.de\/?attachment_id=3413\" class=\"wp-image-3413\"><\/a><figcaption>Matthias Kirche (M\u00e1ty\u00e1s Templom)<\/figcaption><\/figure><\/li><li class=\"blocks-gallery-item\"><figure><a href=\"https:\/\/tamas-radelei.de\/wp-content\/uploads\/Passau-Ruzsa-2016_473-795x1200.jpg\" rel=\"lightbox[5]\"><img decoding=\"async\" src=\"https:\/\/tamas-radelei.de\/wp-content\/uploads\/Passau-Ruzsa-2016_473-795x1200.jpg\" alt=\"\" data-id=\"3414\" data-link=\"https:\/\/tamas-radelei.de\/?attachment_id=3414\" class=\"wp-image-3414\"><\/a><figcaption>Heilige Stephan (Szent Istv\u00e1n), 1. K\u00f6nig des K\u00f6nigreich Ungarn<\/figcaption><\/figure><\/li><li class=\"blocks-gallery-item\"><figure><a href=\"https:\/\/tamas-radelei.de\/wp-content\/uploads\/Passau-Ruzsa-2016_475-795x1200.jpg\" rel=\"lightbox[5]\"><img decoding=\"async\" src=\"https:\/\/tamas-radelei.de\/wp-content\/uploads\/Passau-Ruzsa-2016_475-795x1200.jpg\" alt=\"\" data-id=\"3416\" data-link=\"https:\/\/tamas-radelei.de\/?attachment_id=3416\" class=\"wp-image-3416\"><\/a><\/figure><\/li><li class=\"blocks-gallery-item\"><figure><a href=\"https:\/\/tamas-radelei.de\/wp-content\/uploads\/Passau-Ruzsa-2016_495-1200x795.jpg\" rel=\"lightbox[5]\"><img decoding=\"async\" src=\"https:\/\/tamas-radelei.de\/wp-content\/uploads\/Passau-Ruzsa-2016_495-1200x795.jpg\" alt=\"\" data-id=\"3423\" data-link=\"https:\/\/tamas-radelei.de\/?attachment_id=3423\" class=\"wp-image-3423\"><\/a><figcaption>Kleine Gesch\u00e4fte<\/figcaption><\/figure><\/li><li class=\"blocks-gallery-item\"><figure><a href=\"https:\/\/tamas-radelei.de\/wp-content\/uploads\/Passau-Ruzsa-2016_480-1200x795.jpg\" rel=\"lightbox[5]\"><img decoding=\"async\" src=\"https:\/\/tamas-radelei.de\/wp-content\/uploads\/Passau-Ruzsa-2016_480-1200x795.jpg\" alt=\"\" data-id=\"3419\" data-link=\"https:\/\/tamas-radelei.de\/?attachment_id=3419\" class=\"wp-image-3419\"><\/a><figcaption>Treppenabgang zur Donau<\/figcaption><\/figure><\/li><li class=\"blocks-gallery-item\"><figure><a href=\"https:\/\/tamas-radelei.de\/wp-content\/uploads\/Passau-Ruzsa-2016_477-1200x795.jpg\" rel=\"lightbox[5]\"><img decoding=\"async\" src=\"https:\/\/tamas-radelei.de\/wp-content\/uploads\/Passau-Ruzsa-2016_477-1200x795.jpg\" alt=\"\" data-id=\"3418\" data-link=\"https:\/\/tamas-radelei.de\/?attachment_id=3418\" class=\"wp-image-3418\"><\/a><figcaption>Blick aufs ungarische Parlament.<\/figcaption><\/figure><\/li><li class=\"blocks-gallery-item\"><figure><a href=\"https:\/\/tamas-radelei.de\/wp-content\/uploads\/Passau-Ruzsa-2016_493-1200x795.jpg\" rel=\"lightbox[5]\"><img decoding=\"async\" src=\"https:\/\/tamas-radelei.de\/wp-content\/uploads\/Passau-Ruzsa-2016_493-1200x795.jpg\" alt=\"\" data-id=\"3422\" data-link=\"https:\/\/tamas-radelei.de\/?attachment_id=3422\" class=\"wp-image-3422\"><\/a><figcaption>Modell der Matthiaskirche<\/figcaption><\/figure><\/li><li class=\"blocks-gallery-item\"><figure><a href=\"https:\/\/tamas-radelei.de\/wp-content\/uploads\/Passau-Ruzsa-2016_497-1200x795.jpg\" rel=\"lightbox[5]\"><img decoding=\"async\" src=\"https:\/\/tamas-radelei.de\/wp-content\/uploads\/Passau-Ruzsa-2016_497-1200x795.jpg\" alt=\"\" data-id=\"3424\" data-link=\"https:\/\/tamas-radelei.de\/?attachment_id=3424\" class=\"wp-image-3424\"><\/a><figcaption>Abbildungen bekannter Husarenreiter.<\/figcaption><\/figure><\/li><li class=\"blocks-gallery-item\"><figure><a href=\"https:\/\/tamas-radelei.de\/wp-content\/uploads\/Passau-Ruzsa-2016_502-1200x795.jpg\" rel=\"lightbox[5]\"><img decoding=\"async\" src=\"https:\/\/tamas-radelei.de\/wp-content\/uploads\/Passau-Ruzsa-2016_502-1200x795.jpg\" alt=\"\" data-id=\"3426\" data-link=\"https:\/\/tamas-radelei.de\/?attachment_id=3426\" class=\"wp-image-3426\"><\/a><figcaption>Ausgrabungsst\u00e4tte<\/figcaption><\/figure><\/li><li class=\"blocks-gallery-item\"><figure><a href=\"https:\/\/tamas-radelei.de\/wp-content\/uploads\/Passau-Ruzsa-2016_507-1200x795.jpg\" rel=\"lightbox[5]\"><img decoding=\"async\" src=\"https:\/\/tamas-radelei.de\/wp-content\/uploads\/Passau-Ruzsa-2016_507-1200x795.jpg\" alt=\"\" data-id=\"3430\" data-link=\"https:\/\/tamas-radelei.de\/?attachment_id=3430\" class=\"wp-image-3430\"><\/a><figcaption>Statue von Eugen von Savoyen<\/figcaption><\/figure><\/li><li class=\"blocks-gallery-item\"><figure><a href=\"https:\/\/tamas-radelei.de\/wp-content\/uploads\/Passau-Ruzsa-2016_510-1200x795.jpg\" rel=\"lightbox[5]\"><img decoding=\"async\" src=\"https:\/\/tamas-radelei.de\/wp-content\/uploads\/Passau-Ruzsa-2016_510-1200x795.jpg\" alt=\"\" data-id=\"3431\" data-link=\"https:\/\/tamas-radelei.de\/?attachment_id=3431\" class=\"wp-image-3431\"><\/a><figcaption>Blick aufs Parlament.<\/figcaption><\/figure><\/li><li class=\"blocks-gallery-item\"><figure><a href=\"https:\/\/tamas-radelei.de\/wp-content\/uploads\/Passau-Ruzsa-2016_513-1200x795.jpg\" rel=\"lightbox[5]\"><img decoding=\"async\" src=\"https:\/\/tamas-radelei.de\/wp-content\/uploads\/Passau-Ruzsa-2016_513-1200x795.jpg\" alt=\"\" data-id=\"3432\" data-link=\"https:\/\/tamas-radelei.de\/?attachment_id=3432\" class=\"wp-image-3432\"><\/a><figcaption>Nochmals die Kettenbr\u00fccke<\/figcaption><\/figure><\/li><li class=\"blocks-gallery-item\"><figure><a href=\"https:\/\/tamas-radelei.de\/wp-content\/uploads\/Passau-Ruzsa-2016_517-1200x795.jpg\" rel=\"lightbox[5]\"><img decoding=\"async\" src=\"https:\/\/tamas-radelei.de\/wp-content\/uploads\/Passau-Ruzsa-2016_517-1200x795.jpg\" alt=\"\" data-id=\"3433\" data-link=\"https:\/\/tamas-radelei.de\/?attachment_id=3433\" class=\"wp-image-3433\"><\/a><figcaption>Bergbahn hoch zur Fischerbastei.<\/figcaption><\/figure><\/li><li class=\"blocks-gallery-item\"><figure><a href=\"https:\/\/tamas-radelei.de\/wp-content\/uploads\/Passau-Ruzsa-2016_521-1200x795.jpg\" rel=\"lightbox[5]\"><img decoding=\"async\" src=\"https:\/\/tamas-radelei.de\/wp-content\/uploads\/Passau-Ruzsa-2016_521-1200x795.jpg\" alt=\"\" data-id=\"3434\" data-link=\"https:\/\/tamas-radelei.de\/?attachment_id=3434\" class=\"wp-image-3434\"><\/a><figcaption>Die ber\u00fchmte Kettenbr\u00fccke.<\/figcaption><\/figure><\/li><li class=\"blocks-gallery-item\"><figure><a href=\"https:\/\/tamas-radelei.de\/wp-content\/uploads\/Passau-Ruzsa-2016_522-1200x795.jpg\" rel=\"lightbox[5]\"><img decoding=\"async\" src=\"https:\/\/tamas-radelei.de\/wp-content\/uploads\/Passau-Ruzsa-2016_522-1200x795.jpg\" alt=\"\" data-id=\"3435\" data-link=\"https:\/\/tamas-radelei.de\/?attachment_id=3435\" class=\"wp-image-3435\"><\/a><figcaption>Blick aufs Historische Museum.<\/figcaption><\/figure><\/li><li class=\"blocks-gallery-item\"><figure><a href=\"https:\/\/tamas-radelei.de\/wp-content\/uploads\/Passau-Ruzsa-2016_526-1200x795.jpg\" rel=\"lightbox[5]\"><img decoding=\"async\" src=\"https:\/\/tamas-radelei.de\/wp-content\/uploads\/Passau-Ruzsa-2016_526-1200x795.jpg\" alt=\"\" data-id=\"3438\" data-link=\"https:\/\/tamas-radelei.de\/?attachment_id=3438\" class=\"wp-image-3438\"><\/a><figcaption>Sc\u00f6ne alte Stra\u00dfenbahn.<\/figcaption><\/figure><\/li><li class=\"blocks-gallery-item\"><figure><a href=\"https:\/\/tamas-radelei.de\/wp-content\/uploads\/Passau-Ruzsa-2016_527-1200x795.jpg\" rel=\"lightbox[5]\"><img decoding=\"async\" src=\"https:\/\/tamas-radelei.de\/wp-content\/uploads\/Passau-Ruzsa-2016_527-1200x795.jpg\" alt=\"\" data-id=\"3439\" data-link=\"https:\/\/tamas-radelei.de\/?attachment_id=3439\" class=\"wp-image-3439\"><\/a><figcaption>Oldie-Gel\u00e4ndewagen<\/figcaption><\/figure><\/li><\/ul>\n\n\n\n<hr class=\"wp-block-separator\"\/>\n\n\n\n<p><a href=\"https:\/\/niva-stammtisch.de\/?page_id=538\">Einleitung<\/a> | <a href=\"https:\/\/niva-stammtisch.de\/?page_id=540\">1. Tag<\/a> | <a href=\"https:\/\/niva-stammtisch.de\/?page_id=547\">2. Tag<\/a> | <a href=\"https:\/\/niva-stammtisch.de\/?page_id=551\">3. Tag<\/a> | <a href=\"https:\/\/niva-stammtisch.de\/?page_id=553\">4. Tag<\/a> | <a href=\"https:\/\/niva-stammtisch.de\/?page_id=555\">5. Tag<\/a> | <a href=\"https:\/\/niva-stammtisch.de\/?page_id=557\">6. Tag<\/a> | <a href=\"https:\/\/niva-stammtisch.de\/?page_id=559\">7. Tag<\/a> | <a href=\"https:\/\/niva-stammtisch.de\/?page_id=561\">8. Tag<\/a> | <a href=\"https:\/\/niva-stammtisch.de\/?page_id=563\">9. Tag<\/a> | <a href=\"https:\/\/niva-stammtisch.de\/?page_id=565\">10. Tag<\/a> | <em><strong>11. Tag<\/strong><\/em> | <a href=\"https:\/\/niva-stammtisch.de\/?page_id=570\">12. Tag<\/a> | <a href=\"https:\/\/niva-stammtisch.de\/?page_id=572\">13. Tag<\/a> | <a href=\"https:\/\/niva-stammtisch.de\/?page_id=574\">14. Tag<\/a> | Zur Bildergalerie<\/p>\n","protected":false},"excerpt":{"rendered":"<p>Alles noch bissl zum Trocknen&#8230; &#8230;aufgeh\u00e4ngt bzw. breit gelegt. So kenne ich Ungarn von seiner typischen Seite: Sonnenschein pur und sch\u00f6n warm drau\u00dfen! Na da konnte die zur Abwechslung gew\u00e4hlte \u201eWanderung\u201c zum ungarischen LADAimporteur, mit dem ich einen Besuchstermin vereinbart hatte, doch gestartet werden. Mit kleinem Rucksack und den Kameras am Start \u2013 also mal &hellip; <\/p>\n<p class=\"link-more\"><a href=\"https:\/\/www.niva-stammtisch.de\/?page_id=567\" class=\"more-link\"><span class=\"screen-reader-text\">\u201e11. Reisetag: Budapest Tagestrip\u201c <\/span>weiterlesen<\/a><\/p>\n","protected":false},"author":1,"featured_media":0,"parent":538,"menu_order":0,"comment_status":"closed","ping_status":"closed","template":"","meta":{"footnotes":""},"class_list":["post-567","page","type-page","status-publish","hentry"],"_links":{"self":[{"href":"https:\/\/www.niva-stammtisch.de\/index.php?rest_route=\/wp\/v2\/pages\/567","targetHints":{"allow":["GET"]}}],"collection":[{"href":"https:\/\/www.niva-stammtisch.de\/index.php?rest_route=\/wp\/v2\/pages"}],"about":[{"href":"https:\/\/www.niva-stammtisch.de\/index.php?rest_route=\/wp\/v2\/types\/page"}],"author":[{"embeddable":true,"href":"https:\/\/www.niva-stammtisch.de\/index.php?rest_route=\/wp\/v2\/users\/1"}],"replies":[{"embeddable":true,"href":"https:\/\/www.niva-stammtisch.de\/index.php?rest_route=%2Fwp%2Fv2%2Fcomments&post=567"}],"version-history":[{"count":13,"href":"https:\/\/www.niva-stammtisch.de\/index.php?rest_route=\/wp\/v2\/pages\/567\/revisions"}],"predecessor-version":[{"id":4476,"href":"https:\/\/www.niva-stammtisch.de\/index.php?rest_route=\/wp\/v2\/pages\/567\/revisions\/4476"}],"up":[{"embeddable":true,"href":"https:\/\/www.niva-stammtisch.de\/index.php?rest_route=\/wp\/v2\/pages\/538"}],"wp:attachment":[{"href":"https:\/\/www.niva-stammtisch.de\/index.php?rest_route=%2Fwp%2Fv2%2Fmedia&parent=567"}],"curies":[{"name":"wp","href":"https:\/\/api.w.org\/{rel}","templated":true}]}}