{"id":5657,"date":"2023-02-08T22:59:22","date_gmt":"2023-02-08T21:59:22","guid":{"rendered":"https:\/\/www.niva-stammtisch.de\/?page_id=5657"},"modified":"2023-03-14T10:57:52","modified_gmt":"2023-03-14T09:57:52","slug":"lnt-tour-2022-tag-01","status":"publish","type":"page","link":"https:\/\/www.niva-stammtisch.de\/?page_id=5657","title":{"rendered":"LNT-Tour 2022 &#8211; Tag 01"},"content":{"rendered":"\n<p><a href=\"https:\/\/www.niva-stammtisch.de\/?page_id=5567\" data-type=\"page\" data-id=\"5567\">Einleitung<\/a> | <strong><em>Tag 01<\/em><\/strong> | <a href=\"https:\/\/www.niva-stammtisch.de\/?page_id=5659\" data-type=\"page\" data-id=\"5659\">Tag 02<\/a> | <a href=\"https:\/\/www.niva-stammtisch.de\/?page_id=5663\" data-type=\"page\" data-id=\"5663\">Tag 03<\/a> | <a href=\"https:\/\/www.niva-stammtisch.de\/?page_id=5665\" data-type=\"page\" data-id=\"5665\">Tag 04<\/a> | <a href=\"https:\/\/www.niva-stammtisch.de\/?page_id=5667\" data-type=\"page\" data-id=\"5667\">Tag 05<\/a> | <a href=\"https:\/\/www.niva-stammtisch.de\/?page_id=5669\" data-type=\"page\" data-id=\"5669\">Tag 06<\/a> | <a href=\"https:\/\/www.niva-stammtisch.de\/?page_id=5671\" data-type=\"page\" data-id=\"5671\">Tag 07-08<\/a> | <a href=\"https:\/\/www.niva-stammtisch.de\/?page_id=5673\" data-type=\"page\" data-id=\"5673\">Tag 09<\/a> | <a href=\"https:\/\/www.niva-stammtisch.de\/?page_id=5675\" data-type=\"page\" data-id=\"5675\">Tag 10<\/a> | <a href=\"https:\/\/www.niva-stammtisch.de\/?page_id=5677\" data-type=\"page\" data-id=\"5677\">Tag 11<\/a> | <a href=\"https:\/\/www.niva-stammtisch.de\/?page_id=5679\" data-type=\"page\" data-id=\"5679\">Tag 12<\/a> | <a href=\"https:\/\/www.niva-stammtisch.de\/?page_id=5681\" data-type=\"page\" data-id=\"5681\">Tag 13<\/a><\/p>\n\n\n\n<iframe loading=\"lazy\" src=\"https:\/\/www.komoot.de\/tour\/1050715612\/embed?profile=1\" scrolling=\"no\" width=\"100%\" height=\"700\" frameborder=\"0\"><\/iframe>\n\n\n\n<p>Es ist Samstag der 02. Juli, die Nacht war lang, der Schlaf kurz und irgendwie ging es mit der Packerei nicht so fix voran, wie es sollte. Dennoch konnte es gegen 9:30 losgehen. Fahrrad samt Anh\u00e4nger sind gepackt und ab zum offiziellen Start-\/Zielpunkt bei der Fl\u00fcgelwegbr\u00fccke.<\/p>\n\n\n\n<p>So, nun sollte es aber wirklich ab zum rechten Elbufer mit dem Tagesziel Torgau gehen. Doch auf einmal h\u00f6rte ich ein schleifendes Ger\u00e4usch beim Anh\u00e4nger &#8211; <em>&#8222;f\u00e4ngt ja gut an, dem Fest!&#8220;<\/em>. Der Fehler wurde schnell gefunden &#8211; der Verschlussclip am hinteren Ende der Tasche dr\u00fcckte gegen das untere Ende des Schutzbleches, welches dann am Reifen schleifte. Da habe ich die gro\u00dfe Packtasche wohl sehr voll gemacht \ud83d\ude42 Der Clip wurde vom Gegenst\u00fcck gel\u00f6st und ab sofort am Gep\u00e4cktr\u00e4ger fixiert. Hoffentlich vorerst die einzige Minireparatur auf Tour? So, nun aber mal endlich gescheit in die Pedale getreten und km machen. Das Wetter war fast schon zu top &#8211; Sonnenschein und warm. Es ging die Elbe abw\u00e4rts und es waren doch schon einige Ausfl\u00fcgler unterwegs &#8211; sogar in Gruppen &#8211; und da machte es Klick, dass doch am Sonntag das gro\u00dfe SZ-Fahrradfest stattfinden sollte. Da haben bestimmt einige nochmal bissl Training f\u00fcr den gro\u00dfen Tag betrieben \ud83d\ude42<\/p>\n\n\n\n<p>Ich lie\u00df die Radebeuler Weinberge samt Spitzhaus, Bismarckturm, Friedensburg und Sternwarte wie auch das sch\u00f6n anzusehende linke Elbufer mit der Gohliser Windm\u00fchle, dem Staubecken Niederwartha sowie Br\u00fccke und diverse kleine Schl\u00f6sserburgen hinter mir. Die Bosel und das Spaargebirge sollen dabei nat\u00fcrlich nicht vergessen werden. Der n\u00e4chste gr\u00f6\u00dfere Ort war Mei\u00dfen mit nur einem kurzen Blickstopp zur Albrechtsburg. Kurz vor Diesbar-Seu\u00dflitz machte ich dann doch mal einen kleinen Stopp, da sich der Hunger schon meldete. Dabei nutzte ich gleich die Gelegenheit und montierte den wackligen R\u00fcckspiegel ab (konnte man festziehen wie man wollte). Bis zum Schloss Seu\u00dflitz war mir die Strecke bekannt. Danach ging die Reise wirklich ins Unbekannte \ud83d\ude42<\/p>\n\n\n\n<p>Also ging es einfach weiter in Richtung Riesa. In Merschwitz war der Radweg zwar etwas schmal, wenn bissl Gegenverkehr ist, aber alles im gr\u00fcnen Bereich. Da ich an den vorderen Packtaschen jeweils noch eine zus\u00e4tzliche Au\u00dfentasche an der hinteren Stirnseite angebracht hatte, kam ich doch immer mal mit den F\u00fc\u00dfen an die eine Tasche dran. Somit f\u00fchrte ich einen Taschen-Positionswechsel durch &#8211; nun war Luft an den Zehen \ud83d\ude42 Nahe der alten F\u00e4hranlegestelle ist sogar eine Rampe an der Treppe montiert, so dass ich problemlos das Gespann die Treppe hinunter schieben konnte. Da lobe ich mir die Wahl zu einem 1-r\u00e4drigen Reiseanh\u00e4nger \ud83d\ude42 Leider ist dort die eine Sitzecke mit sch\u00f6nem Ausblick r\u00fcber nach Hirschstein in Privatbesitz &#8211; ein sch\u00f6nes Fleckchen da. Kurz darauf kam ich am Turmdrehkran vorbei und danach kam wahrscheinlich denkmalgesch\u00fctztes Mittelaltergrobsteinpflaster und ein sch\u00f6nes Br\u00fcckchen \u00fcber den Grenzgraben bei der Rosenm\u00fchle. Linkselbisch stachen das Schloss Hirschstein und die Kirche Borzig ins Auge. <\/p>\n\n\n\n<p>Bei Einfahrt nach &#8222;Moritz&#8220; hatte ich irgendwie ein D\u00e9javue &#8211; ich glaube, da fuhr auch mal an einem Januartage eine Kolonne LADAs hier lang \ud83d\ude42 Kurz vor Riesa komme ich auf eine Art Dammweg, dessen Pflasterung nicht ganz radtauglich ist bzw. Auf-\/Abgang nicht grade radfreundlich sind. Ein rechter Blick aufs Getreidefeld, welches gerade mit M\u00e4hdreschern abgeerntet wird und sich der eine und andere Storch die eine und andere Mahlzeit rauspicken, entsch\u00e4digt daf\u00fcr &#8211; ebenso der Linksblick zum Elbufer. Kurz darauf komme ich nach Promnitz und zuf\u00e4llig sogar an dem Schloss vorbei, dass zwar bereits vorm Abriss geretter wurde, jedoch noch sehr viel Liebe bedarf, um irgendwann wieder im Glanze zu strahlen. Ich bin gespannt und w\u00fcnsche dem Projekt viel Erfolg.<\/p>\n\n\n\n<p>Von Riesa habe ich tats\u00e4chlich gar nicht viel gesehen, nur alles Linkselbische, da auf meiner Seite nur bei Schloss Bobersen ein kleiner Landstrich zu Riesa geh\u00f6rt und das wars. In Gohlis (ja schon wieder ein Gohlis an der Elbe \ud83d\ude42 ) gibt&#8217;s einen sch\u00f6nen Platz namens &#8222;Elbblick&#8220;, an dem ich meine n\u00e4chste &#8222;gr\u00f6\u00dfere&#8220; Pause zum Essen machte. <\/p>\n\n\n\n<p>In Kreinitz suchte ich das Museum &#8222;Begegnung an der Elbe&#8220;, welches ich irgendwie nicht finden konnte. Nochmalige Recherchen ergaben, dass es sich im Gasthof befindet und der Besuch in Absprache mit den Gasthofmitarbeitern erfolgt. Es ging unverz\u00fcglich weiter, auch mal ein feinschotteriges St\u00fcck im Schatten und an einer Kreuzung war ich doch verbl\u00fcfft, wie nah ich an Bad Liebenwerda bin \ud83d\ude42 Dort abgegbogen, ging es wieder etwas holpriger weiter zwischen den Feldern in Richtung M\u00fchlberg. In M\u00fchlberg selber gabs irgendwie ein Kuddelmuddel aus dem Ort heraus. Irgendwie fand ich keine richtige Elberadwegbeschilderung und ich kam dann irgendwie auf eine neue Stra\u00dfe, die aber nicht fertig war und ich an entsprechender Stelle nicht mehr links abbiegen konnte und ich wieder im hohen Bogen zur\u00fcck musste und sogar noch am ehemaligen S\u00fcdzucker AG Werk Brottewitz vorbei kam und letztlich \u00fcber Brottewitz wieder nach Martinskirchen kam &#8211; das brachte mir gute 8 km Umweg und extra auf den Z\u00e4hler. Leider habe ich wohl verpasst (obwohl dran vorbei geradelt bin), das M\u00fchlberger Schloss aktiv wahrzunehmen &#8211; was man in der Nachrecherche dann noch so an Kulturg\u00fctern findet, die man h\u00e4tte sehen k\u00f6nnen \ud83d\ude41 Naja, aber dort war auch der Wurm drin, dann auch ein Fest auf dem Sportplatz. <\/p>\n\n\n\n<p>Aber weiter im Programm&#8230; In Martinskirchen bestaunte ich die Kirche, die alten Steinkreuze (S\u00fchnenkreuze?) und das Kriegerdenkmal, bevor es \u00fcber erneutes Kopfsteinpflaster aus dem Ort ging. Vor Altbelgern empfing mich eine Bockwindm\u00fchle. Aber es kam auch ein topneu gemachter Asphaltradweg. In Tauschwitz brauchte ich dann doch nochmal eine &#8222;l\u00e4ngere&#8220; Pause. Bei \u00fcber 30 Grad von oben und dem &#8222;schweren&#8220; Gespann, das geht dann doch ein wenig an die Kr\u00e4fte &#8211; zumal bei M\u00fchlberg der unerwartete Umweg noch dazu kam. Aber alles gut, ich lag ja noch in der Zeit. Wieder gestartet, kam ich wieder der Elbe n\u00e4her und an die F\u00e4hrstelle Tauschwitz &#8211; Belgern. Dort scharf rechts rum gings wieder mal ein kurzes St\u00fcck an der Elbe, dann fix durch K\u00f6llitsch und dann fast den Abzweig nach links in H\u00f6he Adelwitz verpasst \ud83d\ude42 Da gings wieder huggeliger zu, aber man kennt es ja mittlerweile. In P\u00fclsewerda gab es wieder ein kleines Schloss &#8211; fast schon unscheinbar und unmittelbar davor befindet sich sogar eine Schulbus-Haltestelle &#8211; sehr l\u00f6blich, gerade im l\u00e4ndlichen Bereich. Kurz darauf bin ich schon bei der &#8222;Staatlichen Gest\u00fctsverwaltung Hauptgest\u00fct Graditz&#8220; gelandet &#8211; eine beeindruckende Anlage, wenn auch das Schloss Graditz davon verdeckt war &#8211; paar Pferde auf der Koppel habe ich dann doch noch geknipst gehabt. Ja und dann gings noch in einem kleinen Bogen rum und durch Werdau und auf einmal war ich doch glatt in Torgau. Dann nur noch geschwind zum Campingplatz, um in den entspannenderen Teil des Tages \u00fcber zu gehen \ud83d\ude42<\/p>\n\n\n\n<p>Auf dem Campingplatz endlich angekommen, wurde man von den neuen Betreibern herzlich in Empfang genommen, die Formalit\u00e4ten schnell abgewickelt und dann ab auf die Zeltwiese, das Schlaflager aufbauen. Danach gabs erstmal eine wohltuende Dusche. Langsam kam der Hunger und so kochte ich mir mit dem ESBIT-Kocher Wasser f\u00fcr den 5min-Terrine-Kartoffelbrei. Ach was f\u00fcr ein Gebr\u00f6sel mit den ESBIT-Tabletten. \u00dcber die Jahre zerfallen \/ zermahlen diese zu teils zu Staub, so dass man da viel &#8222;Dreck&#8220; in der Schachtel hat. Der Kocher ist zwar sch\u00f6n klein und ist zum Wasserkochen durchaus ausreichend, wenn aber der Brennstoff in der Packung \/ T\u00fcte ung\u00fcnstig zerf\u00e4llt und f\u00fcr &#8222;Dreck&#8220; in der Tasche sorgt, wird dies vielleicht doch kein Fall f\u00fcr die weitere Dauernutzung werden? Mal die n\u00e4chsten Tage abwarten&#8230; <br>Man kommt ja dann doch immer schnell mit anderen Campern ins Gespr\u00e4ch und so lie\u00df sich der Abend in Gesellschaft gut ausklingen, bevor es in die Waagerechte ging.<\/p>\n\n\n\n<p><\/p>\n\n\n\n<p><a href=\"https:\/\/www.niva-stammtisch.de\/?page_id=5567\" data-type=\"page\" data-id=\"5567\">Einleitung<\/a> | <strong><em>Tag 01<\/em><\/strong> | <a href=\"https:\/\/www.niva-stammtisch.de\/?page_id=5659\" data-type=\"page\" data-id=\"5659\">Tag 02<\/a> | <a href=\"https:\/\/www.niva-stammtisch.de\/?page_id=5663\" data-type=\"page\" data-id=\"5663\">Tag 03<\/a> | <a href=\"https:\/\/www.niva-stammtisch.de\/?page_id=5665\" data-type=\"page\" data-id=\"5665\">Tag 04<\/a> | <a href=\"https:\/\/www.niva-stammtisch.de\/?page_id=5667\" data-type=\"page\" data-id=\"5667\">Tag 05<\/a> | <a href=\"https:\/\/www.niva-stammtisch.de\/?page_id=5669\" data-type=\"page\" data-id=\"5669\">Tag 06<\/a> | <a href=\"https:\/\/www.niva-stammtisch.de\/?page_id=5671\" data-type=\"page\" data-id=\"5671\">Tag 07-08<\/a> | <a href=\"https:\/\/www.niva-stammtisch.de\/?page_id=5673\" data-type=\"page\" data-id=\"5673\">Tag 09<\/a> | <a href=\"https:\/\/www.niva-stammtisch.de\/?page_id=5675\" data-type=\"page\" data-id=\"5675\">Tag 10<\/a> | <a href=\"https:\/\/www.niva-stammtisch.de\/?page_id=5677\" data-type=\"page\" data-id=\"5677\">Tag 11<\/a> | <a href=\"https:\/\/www.niva-stammtisch.de\/?page_id=5679\" data-type=\"page\" data-id=\"5679\">Tag 12<\/a> | <a href=\"https:\/\/www.niva-stammtisch.de\/?page_id=5681\" data-type=\"page\" data-id=\"5681\">Tag 13<\/a><\/p>\n","protected":false},"excerpt":{"rendered":"<p>Einleitung | Tag 01 | Tag 02 | Tag 03 | Tag 04 | Tag 05 | Tag 06 | Tag 07-08 | Tag 09 | Tag 10 | Tag 11 | Tag 12 | Tag 13 Es ist Samstag der 02. Juli, die Nacht war lang, der Schlaf kurz und irgendwie ging es mit &hellip; <\/p>\n<p class=\"link-more\"><a href=\"https:\/\/www.niva-stammtisch.de\/?page_id=5657\" class=\"more-link\"><span class=\"screen-reader-text\">\u201eLNT-Tour 2022 &#8211; Tag 01\u201c <\/span>weiterlesen<\/a><\/p>\n","protected":false},"author":1,"featured_media":0,"parent":5567,"menu_order":0,"comment_status":"closed","ping_status":"closed","template":"","meta":{"footnotes":""},"class_list":["post-5657","page","type-page","status-publish","hentry"],"_links":{"self":[{"href":"https:\/\/www.niva-stammtisch.de\/index.php?rest_route=\/wp\/v2\/pages\/5657","targetHints":{"allow":["GET"]}}],"collection":[{"href":"https:\/\/www.niva-stammtisch.de\/index.php?rest_route=\/wp\/v2\/pages"}],"about":[{"href":"https:\/\/www.niva-stammtisch.de\/index.php?rest_route=\/wp\/v2\/types\/page"}],"author":[{"embeddable":true,"href":"https:\/\/www.niva-stammtisch.de\/index.php?rest_route=\/wp\/v2\/users\/1"}],"replies":[{"embeddable":true,"href":"https:\/\/www.niva-stammtisch.de\/index.php?rest_route=%2Fwp%2Fv2%2Fcomments&post=5657"}],"version-history":[{"count":9,"href":"https:\/\/www.niva-stammtisch.de\/index.php?rest_route=\/wp\/v2\/pages\/5657\/revisions"}],"predecessor-version":[{"id":5858,"href":"https:\/\/www.niva-stammtisch.de\/index.php?rest_route=\/wp\/v2\/pages\/5657\/revisions\/5858"}],"up":[{"embeddable":true,"href":"https:\/\/www.niva-stammtisch.de\/index.php?rest_route=\/wp\/v2\/pages\/5567"}],"wp:attachment":[{"href":"https:\/\/www.niva-stammtisch.de\/index.php?rest_route=%2Fwp%2Fv2%2Fmedia&parent=5657"}],"curies":[{"name":"wp","href":"https:\/\/api.w.org\/{rel}","templated":true}]}}